{"id":479,"date":"2015-09-11T14:00:52","date_gmt":"2015-09-11T13:00:52","guid":{"rendered":"http:\/\/pcll.ac-dijon.fr\/pcll\/?page_id=479"},"modified":"2024-04-11T14:02:34","modified_gmt":"2024-04-11T13:02:34","slug":"pole-logiciels-libres-2","status":"publish","type":"page","link":"https:\/\/pcll.ac-dijon.fr\/pcll\/pole-logiciels-libres-2\/","title":{"rendered":"P\u00f4le de comp\u00e9tences Logiciels Libres"},"content":{"rendered":"<p><a href=\"https:\/\/pcll.ac-dijon.fr\/pcll\/wp-content\/uploads\/sites\/3\/2023\/10\/acad-dijon.png\"><img loading=\"lazy\" decoding=\"async\" class=\"size-full wp-image-1053 alignright\" src=\"https:\/\/pcll.ac-dijon.fr\/pcll\/wp-content\/uploads\/sites\/3\/2023\/10\/acad-dijon.png\" alt=\"\" width=\"150\" height=\"151\" \/><\/a><\/p>\n<p style=\"text-align: left;\"><strong>Le p\u00f4le est une \u00e9quipe du minist\u00e8re de l\u2019\u00c9ducation nationale, il est situ\u00e9 au rectorat de l&rsquo;acad\u00e9mie de Dijon.<\/strong><\/p>\n<table style=\"height: 309px; border-color: #0d0101; background-color: #fcf7f7; width: 109.823%;\" border=\"1\" width=\"99%\" cellspacing=\"1\" cellpadding=\"2\">\n<tbody>\n<tr style=\"background-color: #e4e6dc;\">\n<td style=\"width: 24.187%; vertical-align: middle;\" valign=\"top\" width=\"450\"><strong>Responsable du p\u00f4le<\/strong><\/td>\n<td style=\"width: 18.8022%; vertical-align: middle;\" valign=\"top\"><strong>Gilles GRANDGERARD<\/strong><\/td>\n<td style=\"width: 66.6483%; vertical-align: middle;\" valign=\"top\"><strong>&#x67;&#x69;&#108;&#108;e&#x73;&#x2e;&#x67;&#114;an&#x64;&#x67;&#101;&#114;a&#x72;&#x64;&#x40;&#114;eg&#x69;&#x6f;&#110;&#45;a&#x63;&#x61;&#x64;&#101;mi&#x71;&#x75;&#101;&#45;b&#x6f;&#x75;&#x72;&#103;&#111;g&#x6e;&#x65;&#45;&#102;r&#x61;&#x6e;&#x63;&#104;&#101;-&#x63;&#x6f;&#x6d;&#116;e&#46;&#x66;&#x72;<\/strong><\/td>\n<\/tr>\n<tr style=\"background-color: #f0f2e6;\">\n<td style=\"width: 24.187%; vertical-align: middle;\" valign=\"top\" width=\"450\"><strong>Adjoint au responsable<\/strong><\/td>\n<td style=\"width: 18.8022%; vertical-align: middle;\" valign=\"top\"><strong>Jo\u00ebl CUISSINAT<\/strong><\/td>\n<td style=\"width: 66.6483%; vertical-align: middle;\" valign=\"top\"><strong>j&#111;&#x65;&#x6c;&#46;&#99;&#117;&#x69;&#x73;s&#105;&#110;&#x61;&#x74;&#64;&#114;&#x65;&#x67;&#x69;o&#110;&#x2d;&#x61;c&#97;&#100;&#x65;&#x6d;i&#113;&#117;&#x65;&#x2d;b&#111;&#x75;&#x72;&#x67;o&#103;&#x6e;&#x65;-f&#114;&#x61;&#x6e;c&#104;&#101;&#x2d;&#x63;o&#109;&#116;&#x65;&#x2e;f&#114;<\/strong><\/td>\n<\/tr>\n<tr style=\"background-color: #e4e6dc;\">\n<td style=\"width: 24.187%; vertical-align: middle;\"><strong>Int\u00e9gration des composants<\/strong><\/td>\n<td style=\"width: 18.8022%; vertical-align: middle;\"><strong>Daniel DEHENNIN<\/strong><\/td>\n<td style=\"width: 66.6483%; vertical-align: middle;\"><strong>&#100;&#x61;&#x6e;i&#101;&#x6c;&#46;&#100;&#x65;h&#101;&#x6e;n&#105;&#x6e;&#x40;&#114;&#x65;&#x67;i&#111;&#x6e;-&#97;&#x63;a&#100;&#x65;&#x6d;&#105;&#x71;&#x75;e&#45;&#x62;o&#117;&#x72;g&#111;&#x67;n&#101;&#x2d;&#x66;&#114;&#x61;&#x6e;c&#104;&#x65;-&#99;&#x6f;m&#116;&#x65;&#x2e;&#102;&#x72;<\/strong><\/td>\n<\/tr>\n<tr style=\"background-color: #f0f2e6;\">\n<td style=\"width: 24.187%; vertical-align: middle;\"><\/td>\n<td style=\"width: 18.8022%; vertical-align: middle;\">Laurent FLORI<\/td>\n<td style=\"width: 66.6483%; vertical-align: middle;\">&#108;&#97;&#x75;r&#101;&#x6e;&#x74;&#46;&#102;&#x6c;&#x6f;r&#105;&#x40;r&#101;&#x67;&#x69;o&#110;&#x2d;&#x61;c&#97;&#x64;e&#109;&#x69;&#x71;u&#101;&#x2d;&#x62;o&#117;&#x72;&#x67;&#111;&#103;&#x6e;e&#45;&#x66;&#x72;a&#110;&#x63;&#x68;e&#45;&#x63;o&#109;&#x74;&#x65;&#46;&#102;&#x72;<\/td>\n<\/tr>\n<tr style=\"background-color: #e4e6dc;\">\n<td style=\"width: 24.187%; vertical-align: middle;\"><\/td>\n<td style=\"width: 18.8022%; vertical-align: middle;\">Julien MARCHETTI<\/td>\n<td style=\"width: 66.6483%;\">&#x6a;&#117;&#x6c;&#x69;&#101;&#x6e;&#46;m&#x61;&#114;c&#x68;&#101;t&#x74;&#105;&#64;&#x72;&#101;&#x67;&#x69;&#111;&#x6e;&#x2d;&#97;&#x63;&#97;d&#x65;&#109;i&#x71;&#117;e&#x2d;&#98;o&#x75;&#114;&#x67;&#x6f;&#103;&#x6e;&#x65;&#45;&#x66;&#114;a&#x6e;&#99;h&#x65;&#45;c&#x6f;&#109;t&#x65;&#46;&#x66;&#x72;<\/td>\n<\/tr>\n<tr style=\"background-color: #f0f2e6;\">\n<td style=\"width: 24.187%; vertical-align: middle;\"><strong>D\u00e9veloppement d&rsquo;applications<br \/>\n<\/strong><\/td>\n<td style=\"width: 18.8022%; vertical-align: middle;\"><strong>Bruno BOIGET <\/strong><\/td>\n<td style=\"width: 66.6483%; vertical-align: middle;\"><strong>&#x62;&#114;u&#x6e;&#111;&#46;&#x62;&#111;i&#x67;&#101;t&#x40;&#114;e&#x67;&#x69;o&#x6e;&#x2d;&#97;&#x63;&#x61;&#100;&#x65;&#x6d;&#105;q&#x75;&#101;-&#x62;&#111;u&#x72;&#103;o&#x67;&#110;e&#x2d;&#x66;r&#x61;&#x6e;&#99;&#x68;&#x65;&#45;&#x63;&#x6f;&#109;t&#x65;&#46;f&#x72;<\/strong><\/td>\n<\/tr>\n<tr style=\"background-color: #e4e6dc;\">\n<td style=\"width: 24.187%; vertical-align: middle;\"><\/td>\n<td style=\"width: 18.8022%; vertical-align: middle;\">Lionel MORIN<\/td>\n<td style=\"width: 66.6483%; vertical-align: middle;\">&#108;&#x69;&#111;&#x6e;e&#x6c;&#46;&#109;&#x6f;&#114;&#x69;&#110;&#x40;r&#x65;g&#105;&#x6f;&#110;&#x2d;a&#x63;a&#x64;&#x65;&#109;&#x69;&#113;&#x75;e&#x2d;b&#111;&#x75;&#114;&#x67;&#111;&#x67;n&#x65;-&#102;&#x72;&#97;&#x6e;c&#x68;e&#x2d;&#x63;&#111;&#x6d;&#116;&#x65;&#46;&#x66;r<\/td>\n<\/tr>\n<tr style=\"background-color: #f0f2e6;\">\n<td style=\"width: 24.187%; vertical-align: middle;\" valign=\"top\" width=\"450\"><strong>Qualification \/ Diffusion<\/strong><\/td>\n<td style=\"width: 18.8022%; vertical-align: middle;\"><strong>Fabrice BARCONNIERE<\/strong><\/td>\n<td style=\"width: 66.6483%; vertical-align: middle;\" valign=\"top\"><strong>f&#97;&#x62;&#x72;i&#99;&#101;&#x2e;&#x62;a&#114;&#x63;&#x6f;n&#110;&#105;&#x65;&#x72;e&#64;&#x72;&#x65;g&#105;&#111;&#x6e;&#x2d;a&#99;&#x61;&#x64;e&#109;&#105;&#x71;&#x75;e&#45;&#x62;&#x6f;ur&#103;&#x6f;&#x67;n&#101;&#x2d;&#x66;&#x72;a&#110;&#x63;&#x68;e&#45;&#99;&#x6f;&#x6d;t&#101;&#x2e;&#x66;r<\/strong><\/td>\n<\/tr>\n<tr class=\"odd\" style=\"background-color: #e4e6dc;\">\n<td style=\"width: 24.187%; vertical-align: middle;\" valign=\"top\"><\/td>\n<td style=\"width: 18.8022%; vertical-align: middle;\" valign=\"top\">Klaas TJEBBES<\/td>\n<td style=\"width: 66.6483%; vertical-align: middle;\" valign=\"top\">&#x6b;&#x6c;&#x61;&#x61;&#115;&#46;&#116;je&#x62;&#x62;&#x65;&#x73;&#x40;&#114;&#101;&#103;io&#x6e;&#x2d;&#x61;&#x63;&#x61;&#100;&#101;&#109;iq&#x75;&#x65;&#x2d;&#x62;&#x6f;&#117;&#114;&#103;og&#x6e;&#x65;&#x2d;&#x66;&#x72;&#97;&#110;&#99;he&#x2d;&#x63;&#x6f;&#x6d;&#x74;&#101;&#46;&#102;r<\/td>\n<\/tr>\n<\/tbody>\n<\/table>\n","protected":false},"excerpt":{"rendered":"<p>Le p\u00f4le est une \u00e9quipe du minist\u00e8re de l\u2019\u00c9ducation nationale, il est situ\u00e9 au rectorat de l&rsquo;acad\u00e9mie de Dijon. Responsable du p\u00f4le Gilles GRANDGERARD &#x67;&#x69;&#x6c;&#108;&#101;s&#46;&#x67;&#x72;&#x61;&#110;&#100;ge&#x72;&#x61;&#x72;&#100;&#64;re&#x67;&#x69;&#x6f;&#110;&#45;ac&#x61;&#x64;&#x65;&#109;&#105;qu&#x65;&#x2d;&#x62;&#111;&#117;&#114;g&#x6f;&#x67;&#x6e;&#x65;&#45;&#102;r&#x61;&#x6e;&#x63;&#x68;&#101;&#45;co&#x6d;&#x74;&#x65;&#46;&#102;r Adjoint au responsable Jo\u00ebl CUISSINAT &#x6a;&#111;e&#x6c;&#46;c&#x75;&#x69;&#115;&#x73;&#x69;&#110;a&#x74;&#64;r&#x65;&#x67;&#105;&#x6f;&#x6e;&#45;a&#x63;&#97;d&#x65;&#x6d;&#105;&#x71;&#x75;&#101;-&#x62;&#111;u&#x72;&#x67;&#111;&#x67;&#x6e;&#101;-&#x66;&#114;a&#x6e;&#x63;&#104;&#x65;&#x2d;&#99;o&#x6d;&#116;e&#x2e;&#x66;&#114; Int\u00e9gration des composants Daniel DEHENNIN &#100;a&#x6e;i&#x65;l&#x2e;&#100;&#x65;&#104;&#x65;&#110;n&#x69;n&#x40;r&#x65;&#103;&#x69;&#111;&#x6e;&#45;&#x61;&#99;a&#x64;e&#x6d;i&#x71;&#117;&#x65;&#45;&#x62;&#111;&#x75;&#114;g&#x6f;g&#x6e;e&#x2d;&#102;&#x72;&#97;&#x6e;&#99;&#x68;&#101;-&#x63;o&#x6d;t&#x65;&#46;&#x66;&#114; Laurent FLORI &#108;&#x61;&#117;&#x72;&#101;&#x6e;t&#x2e;f&#x6c;o&#114;&#x69;&#64;&#x72;&#101;&#x67;&#105;&#x6f;n&#x2d;a&#x63;a&#100;&#x65;&#109;&#x69;&#113;&#x75;&#101;&#x2d;b&#x6f;u&#x72;g&#111;&#x67;&#110;&#x65;&#45;&#x66;r&#x61;n&#x63;h&#101;&#x2d;&#99;&#x6f;&#109;&#x74;&#101;&#x2e;f&#x72; Julien MARCHETTI &#106;&#117;&#x6c;i&#101;&#x6e;&#x2e;m&#97;&#x72;&#x63;h&#101;&#x74;&#x74;i&#64;&#x72;&#x65;g&#105;&#x6f;&#x6e;-&#97;&#x63;a&#100;&#101;&#x6d;i&#113;&#x75;&#x65;-&#98;&#x6f;&#x75;r&#103;&#x6f;&#x67;n&#101;&#x2d;&#x66;r&#97;&#x6e;&#x63;&#104;&#101;&#x2d;c&#111;&#x6d;&#x74;e&#46;&#x66;&#x72; D\u00e9veloppement d&rsquo;applications Bruno BOIGET &#x62;&#x72;&#x75;&#x6e;&#x6f;&#46;&#98;&#111;&#105;get&#x40;&#x72;&#x65;&#x67;&#x69;&#x6f;&#110;&#45;&#97;cad&#x65;&#x6d;&#x69;&#x71;&#x75;&#x65;&#45;&#98;&#111;&#117;rgo&#x67;&#x6e;&#x65;&#x2d;&#x66;&#x72;&#97;&#110;&#99;he-&#x63;&#x6f;&#x6d;&#x74;&#x65;&#x2e;&#102;&#114; Lionel MORIN &#108;&#x69;&#111;&#x6e;e&#x6c;&#46;&#109;&#x6f;&#114;&#x69;&#110;&#x40;r&#x65;g&#105;&#x6f;&#110;&#x2d;a&#x63;a&#x64;&#x65;&#109;&#x69;&#113;&#x75;e&#x2d;b&#111;&#x75;&#114;&#x67;&#111;&#x67;n&#x65;-&#102;&#x72;&#97;&#x6e;c&#x68;e&#x2d;&#x63;&#111;&#x6d;&#116;&#x65;&#46;&#x66;r Qualification \/ Diffusion Fabrice [&hellip;]<\/p>\n","protected":false},"author":1,"featured_media":0,"parent":0,"menu_order":0,"comment_status":"closed","ping_status":"closed","template":"templates\/template-fullwidth.php","meta":{"_acf_changed":false,"footnotes":""},"class_list":["post-479","page","type-page","status-publish","hentry"],"acf":[],"yoast_head":"<!-- This site is optimized with the Yoast SEO plugin v27.1.1 - https:\/\/yoast.com\/product\/yoast-seo-wordpress\/ -->\n<title>P\u00f4le de comp\u00e9tences Logiciels Libres - P\u00f4le Logiciels Libres<\/title>\n<meta name=\"robots\" content=\"index, follow, max-snippet:-1, max-image-preview:large, max-video-preview:-1\" \/>\n<link rel=\"canonical\" href=\"https:\/\/pcll.ac-dijon.fr\/pcll\/pole-logiciels-libres-2\/\" \/>\n<meta property=\"og:locale\" content=\"fr_FR\" \/>\n<meta property=\"og:type\" content=\"article\" \/>\n<meta property=\"og:title\" content=\"P\u00f4le de comp\u00e9tences Logiciels Libres - P\u00f4le Logiciels Libres\" \/>\n<meta property=\"og:description\" content=\"Le p\u00f4le est une \u00e9quipe du minist\u00e8re de l\u2019\u00c9ducation nationale, il est situ\u00e9 au rectorat de l&rsquo;acad\u00e9mie de Dijon. Responsable du p\u00f4le Gilles GRANDGERARD gi&#108;&#108;&#101;&#x73;&#x2e;&#x67;&#x72;an&#100;&#103;&#101;&#x72;&#x61;&#x72;&#x64;&#064;r&#101;&#103;&#105;&#x6f;&#x6e;&#x2d;&#x61;ca&#100;&#101;&#109;&#x69;&#x71;&#x75;&#x65;-b&#111;&#117;&#114;&#x67;&#x6f;&#x67;&#x6e;e-&#102;&#114;&#097;&#x6e;&#x63;&#x68;&#x65;-c&#111;&#109;&#116;&#x65;&#x2e;&#x66;&#x72; Adjoint au responsable Jo\u00ebl CUISSINAT &#x6a;&#x6f;&#x65;&#x6c;&#x2e;&#x63;&#x75;&#105;&#115;&#115;&#105;&#110;at&#064;r&#x65;&#x67;&#x69;&#x6f;&#x6e;&#x2d;&#x61;&#x63;&#097;&#100;&#101;&#109;&#105;que-&#x62;&#x6f;&#x75;&#x72;&#x67;&#x6f;&#x67;&#110;&#101;&#045;&#102;&#114;anch&#x65;&#x2d;&#x63;&#x6f;&#x6d;&#x74;&#x65;&#x2e;&#102;&#114; Int\u00e9gration des composants Daniel DEHENNIN &#x64;&#x61;&#x6e;&#105;&#101;&#108;&#046;d&#x65;&#x68;&#x65;&#x6e;&#110;&#105;n&#064;&#x72;&#x65;&#x67;&#x69;&#111;&#110;-a&#x63;&#x61;&#x64;&#x65;&#109;&#105;&#113;ue&#x2d;&#x62;&#x6f;&#x75;&#114;&#103;og&#x6e;&#x65;&#x2d;&#x66;&#114;&#097;nc&#x68;&#x65;&#x2d;&#x63;&#111;&#109;&#116;e&#046;&#x66;&#x72; Laurent FLORI &#x6c;a&#x75;&#114;e&#x6e;&#116;&#x2e;&#x66;l&#x6f;&#114;i&#x40;&#114;&#x65;&#103;i&#x6f;&#110;-&#x61;&#099;&#x61;&#100;e&#x6d;&#105;&#x71;&#x75;e&#x2d;&#098;o&#x75;&#114;&#x67;&#x6f;g&#x6e;&#101;-&#x66;&#114;&#x61;&#110;c&#x68;&#101;&#x2d;&#x63;o&#x6d;&#116;e&#x2e;&#102;&#x72; Julien MARCHETTI &#x6a;&#117;l&#x69;&#x65;&#110;&#046;&#x6d;&#097;r&#x63;&#x68;&#101;t&#x74;&#105;&#064;&#x72;&#x65;&#103;i&#x6f;&#x6e;&#045;&#x61;&#x63;&#097;d&#x65;&#x6d;&#105;q&#x75;&#101;-&#x62;&#x6f;&#117;r&#x67;&#111;g&#x6e;&#x65;&#045;f&#x72;&#x61;&#110;&#x63;&#x68;&#101;-&#x63;&#x6f;&#109;t&#x65;&#046;f&#x72; D\u00e9veloppement d&rsquo;applications Bruno BOIGET &#x62;&#x72;&#117;&#110;o&#046;&#x62;&#x6f;&#x69;&#103;et&#x40;&#x72;&#x65;&#103;&#105;o&#x6e;&#x2d;&#x61;&#099;&#097;d&#x65;&#x6d;&#x69;&#113;&#117;e-&#x62;&#x6f;&#x75;&#114;go&#x67;&#x6e;&#x65;&#045;&#102;r&#x61;&#x6e;&#x63;&#104;&#101;-&#x63;&#x6f;&#x6d;&#116;&#101;&#046;f&#x72; Lionel MORIN li&#111;&#110;&#101;&#x6c;&#x2e;&#x6d;&#x6f;ri&#110;&#064;&#114;&#x65;&#x67;&#x69;&#x6f;n-&#097;&#099;&#097;&#x64;&#x65;&#x6d;&#x69;qu&#101;&#045;&#098;&#x6f;&#x75;&#x72;&#x67;og&#110;&#101;&#045;&#x66;&#x72;&#x61;&#x6e;ch&#101;&#045;&#099;&#x6f;&#x6d;&#x74;&#x65;&#046;f&#114; Qualification \/ Diffusion Fabrice [&hellip;]\" \/>\n<meta property=\"og:url\" content=\"https:\/\/pcll.ac-dijon.fr\/pcll\/pole-logiciels-libres-2\/\" \/>\n<meta property=\"og:site_name\" content=\"P\u00f4le Logiciels Libres\" \/>\n<meta property=\"article:modified_time\" content=\"2024-04-11T13:02:34+00:00\" \/>\n<meta property=\"og:image\" content=\"https:\/\/pcll.ac-dijon.fr\/pcll\/wp-content\/uploads\/sites\/3\/2023\/10\/acad-dijon.png\" \/>\n<meta name=\"twitter:card\" content=\"summary_large_image\" \/>\n<meta name=\"twitter:label1\" content=\"Dur\u00e9e de lecture estim\u00e9e\" \/>\n\t<meta name=\"twitter:data1\" content=\"1 minute\" \/>\n<script type=\"application\/ld+json\" class=\"yoast-schema-graph\">{\"@context\":\"https:\/\/schema.org\",\"@graph\":[{\"@type\":\"WebPage\",\"@id\":\"https:\/\/pcll.ac-dijon.fr\/pcll\/pole-logiciels-libres-2\/\",\"url\":\"https:\/\/pcll.ac-dijon.fr\/pcll\/pole-logiciels-libres-2\/\",\"name\":\"P\u00f4le de comp\u00e9tences Logiciels Libres - P\u00f4le Logiciels Libres\",\"isPartOf\":{\"@id\":\"https:\/\/pcll.ac-dijon.fr\/pcll\/#website\"},\"primaryImageOfPage\":{\"@id\":\"https:\/\/pcll.ac-dijon.fr\/pcll\/pole-logiciels-libres-2\/#primaryimage\"},\"image\":{\"@id\":\"https:\/\/pcll.ac-dijon.fr\/pcll\/pole-logiciels-libres-2\/#primaryimage\"},\"thumbnailUrl\":\"https:\/\/pcll.ac-dijon.fr\/pcll\/wp-content\/uploads\/sites\/3\/2023\/10\/acad-dijon.png\",\"datePublished\":\"2015-09-11T13:00:52+00:00\",\"dateModified\":\"2024-04-11T13:02:34+00:00\",\"breadcrumb\":{\"@id\":\"https:\/\/pcll.ac-dijon.fr\/pcll\/pole-logiciels-libres-2\/#breadcrumb\"},\"inLanguage\":\"fr-FR\",\"potentialAction\":[{\"@type\":\"ReadAction\",\"target\":[\"https:\/\/pcll.ac-dijon.fr\/pcll\/pole-logiciels-libres-2\/\"]}]},{\"@type\":\"ImageObject\",\"inLanguage\":\"fr-FR\",\"@id\":\"https:\/\/pcll.ac-dijon.fr\/pcll\/pole-logiciels-libres-2\/#primaryimage\",\"url\":\"https:\/\/pcll.ac-dijon.fr\/pcll\/wp-content\/uploads\/sites\/3\/2023\/10\/acad-dijon.png\",\"contentUrl\":\"https:\/\/pcll.ac-dijon.fr\/pcll\/wp-content\/uploads\/sites\/3\/2023\/10\/acad-dijon.png\",\"width\":150,\"height\":151},{\"@type\":\"BreadcrumbList\",\"@id\":\"https:\/\/pcll.ac-dijon.fr\/pcll\/pole-logiciels-libres-2\/#breadcrumb\",\"itemListElement\":[{\"@type\":\"ListItem\",\"position\":1,\"name\":\"Accueil\",\"item\":\"https:\/\/pcll.ac-dijon.fr\/pcll\/\"},{\"@type\":\"ListItem\",\"position\":2,\"name\":\"P\u00f4le de comp\u00e9tences Logiciels Libres\"}]},{\"@type\":\"WebSite\",\"@id\":\"https:\/\/pcll.ac-dijon.fr\/pcll\/#website\",\"url\":\"https:\/\/pcll.ac-dijon.fr\/pcll\/\",\"name\":\"P\u00f4le Logiciels Libres\",\"description\":\"Ensemble Ouvert Libre Evolutif\",\"potentialAction\":[{\"@type\":\"SearchAction\",\"target\":{\"@type\":\"EntryPoint\",\"urlTemplate\":\"https:\/\/pcll.ac-dijon.fr\/pcll\/?s={search_term_string}\"},\"query-input\":{\"@type\":\"PropertyValueSpecification\",\"valueRequired\":true,\"valueName\":\"search_term_string\"}}],\"inLanguage\":\"fr-FR\"}]}<\/script>\n<!-- \/ Yoast SEO plugin. -->","yoast_head_json":{"title":"P\u00f4le de comp\u00e9tences Logiciels Libres - P\u00f4le Logiciels Libres","robots":{"index":"index","follow":"follow","max-snippet":"max-snippet:-1","max-image-preview":"max-image-preview:large","max-video-preview":"max-video-preview:-1"},"canonical":"https:\/\/pcll.ac-dijon.fr\/pcll\/pole-logiciels-libres-2\/","og_locale":"fr_FR","og_type":"article","og_title":"P\u00f4le de comp\u00e9tences Logiciels Libres - P\u00f4le Logiciels Libres","og_description":"Le p\u00f4le est une \u00e9quipe du minist\u00e8re de l\u2019\u00c9ducation nationale, il est situ\u00e9 au rectorat de l&rsquo;acad\u00e9mie de Dijon. Responsable du p\u00f4le Gilles GRANDGERARD gi&#108;&#108;&#101;&#x73;&#x2e;&#x67;&#x72;an&#100;&#103;&#101;&#x72;&#x61;&#x72;&#x64;&#64;r&#101;&#103;&#105;&#x6f;&#x6e;&#x2d;&#x61;ca&#100;&#101;&#109;&#x69;&#x71;&#x75;&#x65;-b&#111;&#117;&#114;&#x67;&#x6f;&#x67;&#x6e;e-&#102;&#114;&#97;&#x6e;&#x63;&#x68;&#x65;-c&#111;&#109;&#116;&#x65;&#x2e;&#x66;&#x72; Adjoint au responsable Jo\u00ebl CUISSINAT &#x6a;&#x6f;&#x65;&#x6c;&#x2e;&#x63;&#x75;&#105;&#115;&#115;&#105;&#110;at&#64;r&#x65;&#x67;&#x69;&#x6f;&#x6e;&#x2d;&#x61;&#x63;&#97;&#100;&#101;&#109;&#105;que-&#x62;&#x6f;&#x75;&#x72;&#x67;&#x6f;&#x67;&#110;&#101;&#45;&#102;&#114;anch&#x65;&#x2d;&#x63;&#x6f;&#x6d;&#x74;&#x65;&#x2e;&#102;&#114; Int\u00e9gration des composants Daniel DEHENNIN &#x64;&#x61;&#x6e;&#105;&#101;&#108;&#46;d&#x65;&#x68;&#x65;&#x6e;&#110;&#105;n&#64;&#x72;&#x65;&#x67;&#x69;&#111;&#110;-a&#x63;&#x61;&#x64;&#x65;&#109;&#105;&#113;ue&#x2d;&#x62;&#x6f;&#x75;&#114;&#103;og&#x6e;&#x65;&#x2d;&#x66;&#114;&#97;nc&#x68;&#x65;&#x2d;&#x63;&#111;&#109;&#116;e&#46;&#x66;&#x72; Laurent FLORI &#x6c;a&#x75;&#114;e&#x6e;&#116;&#x2e;&#x66;l&#x6f;&#114;i&#x40;&#114;&#x65;&#103;i&#x6f;&#110;-&#x61;&#99;&#x61;&#100;e&#x6d;&#105;&#x71;&#x75;e&#x2d;&#98;o&#x75;&#114;&#x67;&#x6f;g&#x6e;&#101;-&#x66;&#114;&#x61;&#110;c&#x68;&#101;&#x2d;&#x63;o&#x6d;&#116;e&#x2e;&#102;&#x72; Julien MARCHETTI &#x6a;&#117;l&#x69;&#x65;&#110;&#46;&#x6d;&#97;r&#x63;&#x68;&#101;t&#x74;&#105;&#64;&#x72;&#x65;&#103;i&#x6f;&#x6e;&#45;&#x61;&#x63;&#97;d&#x65;&#x6d;&#105;q&#x75;&#101;-&#x62;&#x6f;&#117;r&#x67;&#111;g&#x6e;&#x65;&#45;f&#x72;&#x61;&#110;&#x63;&#x68;&#101;-&#x63;&#x6f;&#109;t&#x65;&#46;f&#x72; D\u00e9veloppement d&rsquo;applications Bruno BOIGET &#x62;&#x72;&#117;&#110;o&#46;&#x62;&#x6f;&#x69;&#103;et&#x40;&#x72;&#x65;&#103;&#105;o&#x6e;&#x2d;&#x61;&#99;&#97;d&#x65;&#x6d;&#x69;&#113;&#117;e-&#x62;&#x6f;&#x75;&#114;go&#x67;&#x6e;&#x65;&#45;&#102;r&#x61;&#x6e;&#x63;&#104;&#101;-&#x63;&#x6f;&#x6d;&#116;&#101;&#46;f&#x72; Lionel MORIN li&#111;&#110;&#101;&#x6c;&#x2e;&#x6d;&#x6f;ri&#110;&#64;&#114;&#x65;&#x67;&#x69;&#x6f;n-&#97;&#99;&#97;&#x64;&#x65;&#x6d;&#x69;qu&#101;&#45;&#98;&#x6f;&#x75;&#x72;&#x67;og&#110;&#101;&#45;&#x66;&#x72;&#x61;&#x6e;ch&#101;&#45;&#99;&#x6f;&#x6d;&#x74;&#x65;&#46;f&#114; Qualification \/ Diffusion Fabrice [&hellip;]","og_url":"https:\/\/pcll.ac-dijon.fr\/pcll\/pole-logiciels-libres-2\/","og_site_name":"P\u00f4le Logiciels Libres","article_modified_time":"2024-04-11T13:02:34+00:00","og_image":[{"url":"https:\/\/pcll.ac-dijon.fr\/pcll\/wp-content\/uploads\/sites\/3\/2023\/10\/acad-dijon.png","type":"","width":"","height":""}],"twitter_card":"summary_large_image","twitter_misc":{"Dur\u00e9e de lecture estim\u00e9e":"1 minute"},"schema":{"@context":"https:\/\/schema.org","@graph":[{"@type":"WebPage","@id":"https:\/\/pcll.ac-dijon.fr\/pcll\/pole-logiciels-libres-2\/","url":"https:\/\/pcll.ac-dijon.fr\/pcll\/pole-logiciels-libres-2\/","name":"P\u00f4le de comp\u00e9tences Logiciels Libres - P\u00f4le Logiciels Libres","isPartOf":{"@id":"https:\/\/pcll.ac-dijon.fr\/pcll\/#website"},"primaryImageOfPage":{"@id":"https:\/\/pcll.ac-dijon.fr\/pcll\/pole-logiciels-libres-2\/#primaryimage"},"image":{"@id":"https:\/\/pcll.ac-dijon.fr\/pcll\/pole-logiciels-libres-2\/#primaryimage"},"thumbnailUrl":"https:\/\/pcll.ac-dijon.fr\/pcll\/wp-content\/uploads\/sites\/3\/2023\/10\/acad-dijon.png","datePublished":"2015-09-11T13:00:52+00:00","dateModified":"2024-04-11T13:02:34+00:00","breadcrumb":{"@id":"https:\/\/pcll.ac-dijon.fr\/pcll\/pole-logiciels-libres-2\/#breadcrumb"},"inLanguage":"fr-FR","potentialAction":[{"@type":"ReadAction","target":["https:\/\/pcll.ac-dijon.fr\/pcll\/pole-logiciels-libres-2\/"]}]},{"@type":"ImageObject","inLanguage":"fr-FR","@id":"https:\/\/pcll.ac-dijon.fr\/pcll\/pole-logiciels-libres-2\/#primaryimage","url":"https:\/\/pcll.ac-dijon.fr\/pcll\/wp-content\/uploads\/sites\/3\/2023\/10\/acad-dijon.png","contentUrl":"https:\/\/pcll.ac-dijon.fr\/pcll\/wp-content\/uploads\/sites\/3\/2023\/10\/acad-dijon.png","width":150,"height":151},{"@type":"BreadcrumbList","@id":"https:\/\/pcll.ac-dijon.fr\/pcll\/pole-logiciels-libres-2\/#breadcrumb","itemListElement":[{"@type":"ListItem","position":1,"name":"Accueil","item":"https:\/\/pcll.ac-dijon.fr\/pcll\/"},{"@type":"ListItem","position":2,"name":"P\u00f4le de comp\u00e9tences Logiciels Libres"}]},{"@type":"WebSite","@id":"https:\/\/pcll.ac-dijon.fr\/pcll\/#website","url":"https:\/\/pcll.ac-dijon.fr\/pcll\/","name":"P\u00f4le Logiciels Libres","description":"Ensemble Ouvert Libre Evolutif","potentialAction":[{"@type":"SearchAction","target":{"@type":"EntryPoint","urlTemplate":"https:\/\/pcll.ac-dijon.fr\/pcll\/?s={search_term_string}"},"query-input":{"@type":"PropertyValueSpecification","valueRequired":true,"valueName":"search_term_string"}}],"inLanguage":"fr-FR"}]}},"_links":{"self":[{"href":"https:\/\/pcll.ac-dijon.fr\/pcll\/wp-json\/wp\/v2\/pages\/479","targetHints":{"allow":["GET"]}}],"collection":[{"href":"https:\/\/pcll.ac-dijon.fr\/pcll\/wp-json\/wp\/v2\/pages"}],"about":[{"href":"https:\/\/pcll.ac-dijon.fr\/pcll\/wp-json\/wp\/v2\/types\/page"}],"author":[{"embeddable":true,"href":"https:\/\/pcll.ac-dijon.fr\/pcll\/wp-json\/wp\/v2\/users\/1"}],"replies":[{"embeddable":true,"href":"https:\/\/pcll.ac-dijon.fr\/pcll\/wp-json\/wp\/v2\/comments?post=479"}],"version-history":[{"count":34,"href":"https:\/\/pcll.ac-dijon.fr\/pcll\/wp-json\/wp\/v2\/pages\/479\/revisions"}],"predecessor-version":[{"id":1058,"href":"https:\/\/pcll.ac-dijon.fr\/pcll\/wp-json\/wp\/v2\/pages\/479\/revisions\/1058"}],"wp:attachment":[{"href":"https:\/\/pcll.ac-dijon.fr\/pcll\/wp-json\/wp\/v2\/media?parent=479"}],"curies":[{"name":"wp","href":"https:\/\/api.w.org\/{rel}","templated":true}]}}